{"id":937,"date":"2024-07-23T09:49:03","date_gmt":"2024-07-23T16:49:03","guid":{"rendered":"https:\/\/ladamajusticia.com\/practice-areas\/ambiente-de-trabajo-hostil\/"},"modified":"2024-10-02T20:29:39","modified_gmt":"2024-10-03T03:29:39","slug":"ambiente-de-trabajo-hostil","status":"publish","type":"practice-areas","link":"https:\/\/ladamajusticia.com\/es\/practice-areas\/ambiente-de-trabajo-hostil\/","title":{"rendered":"Ambiente de Trabajo Hostil"},"content":{"rendered":"\n<section id=\"practice-area-hero-block_31d458dbc911450c1ab886d8249c1a56\" class=\"practice-area-hero wp-block-acf-practice-area-hero\">\n\n  <div class=\"practice-area-hero__title\">\n\n    <h1>Ambiente de Trabajo Hostil<\/h1>\n\n  <\/div>\n\n    <div class=\"practice-area-hero__bg practice-area-hero__bg--desktop\">\n    <img loading=\"lazy\" decoding=\"async\" width=\"2560\" height=\"940\" src=\"https:\/\/ladamajusticia.com\/wp-content\/uploads\/2024\/03\/lady-justice-practice-areas-hostile-work-environment-hero.jpg\" class=\"attachment-full size-full\" alt=\"Latino woman being gossiped about by work colleagues\" srcset=\"https:\/\/ladamajusticia.com\/wp-content\/uploads\/2024\/03\/lady-justice-practice-areas-hostile-work-environment-hero.jpg 2560w, https:\/\/ladamajusticia.com\/wp-content\/uploads\/2024\/03\/lady-justice-practice-areas-hostile-work-environment-hero-750x275.jpg 750w, https:\/\/ladamajusticia.com\/wp-content\/uploads\/2024\/03\/lady-justice-practice-areas-hostile-work-environment-hero-1090x400.jpg 1090w\" sizes=\"auto, (max-width: 2560px) 100vw, 2560px\" \/>  <\/div>\n  \n    <div class=\"practice-area-hero__bg practice-area-hero__bg--mobile\">\n    <img loading=\"lazy\" decoding=\"async\" width=\"1500\" height=\"1420\" src=\"https:\/\/ladamajusticia.com\/wp-content\/uploads\/2024\/03\/lady-justice-practice-areas-hostile-work-environment-mob.jpg\" class=\"attachment-full size-full\" alt=\"Latino woman being gossiped about by work colleagues\" srcset=\"https:\/\/ladamajusticia.com\/wp-content\/uploads\/2024\/03\/lady-justice-practice-areas-hostile-work-environment-mob.jpg 1500w, https:\/\/ladamajusticia.com\/wp-content\/uploads\/2024\/03\/lady-justice-practice-areas-hostile-work-environment-mob-750x710.jpg 750w, https:\/\/ladamajusticia.com\/wp-content\/uploads\/2024\/03\/lady-justice-practice-areas-hostile-work-environment-mob-1090x1032.jpg 1090w\" sizes=\"auto, (max-width: 1500px) 100vw, 1500px\" \/>  <\/div>\n  \n  \n<\/section>\n<section id=\"practice-area-intro-block_50c67646299096df0b8b40aa4fc858b9\" class=\"practice-area-intro grid-container wp-block-acf-practice-area-intro\">\n\n  <div class=\"grid-x grid-padding-x\">\n\n    <div class=\"cell xlarge-10\">\n\n      <div class=\"acf-innerblocks-container\">\n\n<p class=\"has-text-align-center\">\u00bfHa experimentado un ambiente de trabajo que era hostil? \u00bfTu jefe te ha ridiculizado constantemente a ti o a otros compa\u00f1eros de trabajo? \u00bfHa habido casos de discriminaci\u00f3n? \u00bfTe amenazaron en el trabajo? La Dama Justisia te puede ayudar.    <\/p>\n\n<\/div>\n      \n    <\/div>\n\n  <\/div>\n\n  \n<\/section>\n<section id=\"practice-area-columns-block_8668f362929b94787f7d219c144907c9\" class=\"practice-area-columns wp-block-acf-practice-area-columns\">\n\n  <div class=\"grid-container\">\n\n    <div class=\"grid-x grid-padding-x\">\n\n      <div class=\"cell xlarge-10\">\n\n        <div class=\"practice-area-columns__text\">\n\n          <p>Un entorno de trabajo hostil puede generar un estr\u00e9s indebido en los empleados y crear una cultura laboral t\u00f3xica que puede afectar negativamente a la empresa. Cualquier tipo de pr\u00e1ctica de ambiente de trabajo hostil es ilegal. Comun\u00edquese con La Dama Justicia si cree que ha tenido experiencia trabajando en un ambiente de trabajo hostil. Nuestro poderoso equipo de abogados expertos en entornos de trabajo hostiles puede ayudarte a obtener la compensaci\u00f3n que te mereces.  <\/p>\n\n        <\/div>\n\n        <div class=\"practice-area-columns__list\">\n\n                    <div class=\"practice-area-columns__list-icon\">\n            <img loading=\"lazy\" decoding=\"async\" width=\"40\" height=\"40\" src=\"https:\/\/ladamajusticia.com\/wp-content\/uploads\/2024\/01\/icon-hostile.svg\" class=\"attachment-full size-full\" alt=\"\" \/>          <\/div>\n          \n          <ul>\n<li>DISCRIMINACI\u00d3N \u00c9TNICA O RACIAL<\/li>\n<li>ACOSO Y\/O AGRESI\u00d3N SEXUAL<\/li>\n<li>EL RID\u00cdCULO PERVASIVO DE LOS EMPLEADOS<\/li>\n<li>AMENAZAS DE CASTIGO POR PARTE DE SUPERIORES<\/li>\n<li>DISCRIMINACI\u00d3N POR EDAD<\/li>\n<li>COMPORTAMIENTO AGRESIVO<\/li>\n<li>Y M\u00c1S<\/li>\n<\/ul>\n\n        <\/div>\n\n      <\/div>\n\n    <\/div>\n\n  <\/div>\n\n  \n<\/section>\n\n<section id=\"headshot-carousel-block_ff377ec2944bd5b5e9f35bd473875d72\" class=\"headshot-carousel is-style-purple-text wp-block-acf-headshot-carousel\">\n\n  <div class=\"grid-container\">\n\n    <div class=\"grid-x grid-padding-x\">\n\n      <div class=\"cell xlarge-10\">\n\n        <div class=\"headshot-carousel__images\">\n\n          <div class=\"headshot-carousel__carousel swiper\">\n\n            <div class=\"swiper-wrapper\">\n\n                            <div class=\"swiper-slide\">\n                <img loading=\"lazy\" decoding=\"async\" width=\"796\" height=\"1098\" src=\"https:\/\/ladamajusticia.com\/wp-content\/uploads\/2024\/03\/lady-justice-joanna-ghosh-2-796x1098.jpg\" class=\"attachment-headshot-lg size-headshot-lg\" alt=\"joanna ghosh fundadora de lady justice mirando a la c\u00e1mara con los brazos cruzados, vistiendo una americana color canela con joyas\" srcset=\"https:\/\/ladamajusticia.com\/wp-content\/uploads\/2024\/03\/lady-justice-joanna-ghosh-2-796x1098.jpg 796w, https:\/\/ladamajusticia.com\/wp-content\/uploads\/2024\/03\/lady-justice-joanna-ghosh-2-750x1034.jpg 750w, https:\/\/ladamajusticia.com\/wp-content\/uploads\/2024\/03\/lady-justice-joanna-ghosh-2-1090x1503.jpg 1090w, https:\/\/ladamajusticia.com\/wp-content\/uploads\/2024\/03\/lady-justice-joanna-ghosh-2-398x549.jpg 398w, https:\/\/ladamajusticia.com\/wp-content\/uploads\/2024\/03\/lady-justice-joanna-ghosh-2.jpg 1636w\" sizes=\"auto, (max-width: 796px) 100vw, 796px\" \/>              <\/div>\n                            <div class=\"swiper-slide\">\n                <img loading=\"lazy\" decoding=\"async\" width=\"796\" height=\"1098\" src=\"https:\/\/ladamajusticia.com\/wp-content\/uploads\/2024\/03\/lady-justice-elizabeth-hawley-796x1098.jpg\" class=\"attachment-headshot-lg size-headshot-lg\" alt=\"elizabeth parker-fawley abogada de la se\u00f1ora justicia, retrato de pecho mirando a c\u00e1mara\" srcset=\"https:\/\/ladamajusticia.com\/wp-content\/uploads\/2024\/03\/lady-justice-elizabeth-hawley-796x1098.jpg 796w, https:\/\/ladamajusticia.com\/wp-content\/uploads\/2024\/03\/lady-justice-elizabeth-hawley-750x1034.jpg 750w, https:\/\/ladamajusticia.com\/wp-content\/uploads\/2024\/03\/lady-justice-elizabeth-hawley-1090x1503.jpg 1090w, https:\/\/ladamajusticia.com\/wp-content\/uploads\/2024\/03\/lady-justice-elizabeth-hawley-398x549.jpg 398w, https:\/\/ladamajusticia.com\/wp-content\/uploads\/2024\/03\/lady-justice-elizabeth-hawley.jpg 1636w\" sizes=\"auto, (max-width: 796px) 100vw, 796px\" \/>              <\/div>\n                            <div class=\"swiper-slide\">\n                <img loading=\"lazy\" decoding=\"async\" width=\"796\" height=\"1098\" src=\"https:\/\/ladamajusticia.com\/wp-content\/uploads\/2024\/03\/lady-justice-tara-zabehi-796x1098.jpg\" class=\"attachment-headshot-lg size-headshot-lg\" alt=\"tara zabehi retrato de pecho hacia arriba con americana gris y top blanco, pelo largo y liso, sonriendo a la camara sobre fondo melocoton\" srcset=\"https:\/\/ladamajusticia.com\/wp-content\/uploads\/2024\/03\/lady-justice-tara-zabehi-796x1098.jpg 796w, https:\/\/ladamajusticia.com\/wp-content\/uploads\/2024\/03\/lady-justice-tara-zabehi-750x1034.jpg 750w, https:\/\/ladamajusticia.com\/wp-content\/uploads\/2024\/03\/lady-justice-tara-zabehi-1090x1503.jpg 1090w, https:\/\/ladamajusticia.com\/wp-content\/uploads\/2024\/03\/lady-justice-tara-zabehi-398x549.jpg 398w, https:\/\/ladamajusticia.com\/wp-content\/uploads\/2024\/03\/lady-justice-tara-zabehi.jpg 1636w\" sizes=\"auto, (max-width: 796px) 100vw, 796px\" \/>              <\/div>\n                            <div class=\"swiper-slide\">\n                <img loading=\"lazy\" decoding=\"async\" width=\"796\" height=\"1098\" src=\"https:\/\/ladamajusticia.com\/wp-content\/uploads\/2024\/03\/lady-justice-jacquelyn-silva-796x1098.jpg\" class=\"attachment-headshot-lg size-headshot-lg\" alt=\"Jacquelyn Silva abogada pelo largo moreno con americana gris, top blanco, retrato pecho arriba\" srcset=\"https:\/\/ladamajusticia.com\/wp-content\/uploads\/2024\/03\/lady-justice-jacquelyn-silva-796x1098.jpg 796w, https:\/\/ladamajusticia.com\/wp-content\/uploads\/2024\/03\/lady-justice-jacquelyn-silva-750x1034.jpg 750w, https:\/\/ladamajusticia.com\/wp-content\/uploads\/2024\/03\/lady-justice-jacquelyn-silva-1090x1503.jpg 1090w, https:\/\/ladamajusticia.com\/wp-content\/uploads\/2024\/03\/lady-justice-jacquelyn-silva-398x549.jpg 398w, https:\/\/ladamajusticia.com\/wp-content\/uploads\/2024\/03\/lady-justice-jacquelyn-silva.jpg 1636w\" sizes=\"auto, (max-width: 796px) 100vw, 796px\" \/>              <\/div>\n                            <div class=\"swiper-slide\">\n                <img loading=\"lazy\" decoding=\"async\" width=\"796\" height=\"1098\" src=\"https:\/\/ladamajusticia.com\/wp-content\/uploads\/2024\/03\/lady-justice-melissa-rinehart-796x1098.jpg\" class=\"attachment-headshot-lg size-headshot-lg\" alt=\"Melissa Rinehart abogada pelo largo rubio con americana negra, blusa blanca sobre fondo rosa sonriendo a la c\u00e1mara\" srcset=\"https:\/\/ladamajusticia.com\/wp-content\/uploads\/2024\/03\/lady-justice-melissa-rinehart-796x1098.jpg 796w, https:\/\/ladamajusticia.com\/wp-content\/uploads\/2024\/03\/lady-justice-melissa-rinehart-750x1034.jpg 750w, https:\/\/ladamajusticia.com\/wp-content\/uploads\/2024\/03\/lady-justice-melissa-rinehart-1090x1503.jpg 1090w, https:\/\/ladamajusticia.com\/wp-content\/uploads\/2024\/03\/lady-justice-melissa-rinehart-398x549.jpg 398w, https:\/\/ladamajusticia.com\/wp-content\/uploads\/2024\/03\/lady-justice-melissa-rinehart.jpg 1636w\" sizes=\"auto, (max-width: 796px) 100vw, 796px\" \/>              <\/div>\n                            <div class=\"swiper-slide\">\n                <img loading=\"lazy\" decoding=\"async\" width=\"796\" height=\"1098\" src=\"https:\/\/ladamajusticia.com\/wp-content\/uploads\/2024\/03\/lady-justice-yasmin-hosseini-796x1098.jpg\" class=\"attachment-headshot-lg size-headshot-lg\" alt=\"retrato de yasmin hosseini mirando a camara, pecho levantado, vistiendo americana gris, top blanco con pelo largo liso moreno\" srcset=\"https:\/\/ladamajusticia.com\/wp-content\/uploads\/2024\/03\/lady-justice-yasmin-hosseini-796x1098.jpg 796w, https:\/\/ladamajusticia.com\/wp-content\/uploads\/2024\/03\/lady-justice-yasmin-hosseini-750x1034.jpg 750w, https:\/\/ladamajusticia.com\/wp-content\/uploads\/2024\/03\/lady-justice-yasmin-hosseini-1090x1503.jpg 1090w, https:\/\/ladamajusticia.com\/wp-content\/uploads\/2024\/03\/lady-justice-yasmin-hosseini-398x549.jpg 398w, https:\/\/ladamajusticia.com\/wp-content\/uploads\/2024\/03\/lady-justice-yasmin-hosseini.jpg 1636w\" sizes=\"auto, (max-width: 796px) 100vw, 796px\" \/>              <\/div>\n                            <div class=\"swiper-slide\">\n                <img loading=\"lazy\" decoding=\"async\" width=\"796\" height=\"1098\" src=\"https:\/\/ladamajusticia.com\/wp-content\/uploads\/2024\/03\/lady-justice-melissa-leblanc-lav-796x1098.jpg\" class=\"attachment-headshot-lg size-headshot-lg\" alt=\"Melissa Leblanc abogada con americana gris y camiseta blanca y gafas\" srcset=\"https:\/\/ladamajusticia.com\/wp-content\/uploads\/2024\/03\/lady-justice-melissa-leblanc-lav-796x1098.jpg 796w, https:\/\/ladamajusticia.com\/wp-content\/uploads\/2024\/03\/lady-justice-melissa-leblanc-lav-750x1034.jpg 750w, https:\/\/ladamajusticia.com\/wp-content\/uploads\/2024\/03\/lady-justice-melissa-leblanc-lav-1090x1503.jpg 1090w, https:\/\/ladamajusticia.com\/wp-content\/uploads\/2024\/03\/lady-justice-melissa-leblanc-lav-398x549.jpg 398w, https:\/\/ladamajusticia.com\/wp-content\/uploads\/2024\/03\/lady-justice-melissa-leblanc-lav.jpg 1636w\" sizes=\"auto, (max-width: 796px) 100vw, 796px\" \/>              <\/div>\n                            <div class=\"swiper-slide\">\n                <img loading=\"lazy\" decoding=\"async\" width=\"796\" height=\"1098\" src=\"https:\/\/ladamajusticia.com\/wp-content\/uploads\/2024\/03\/lady-justice-talar-derohannessian-796x1098.jpg\" class=\"attachment-headshot-lg size-headshot-lg\" alt=\"talar derohannessian abogado con dama justicia pelo liso oscuro hasta los hombros retrato, mirando a la c\u00e1mara\" srcset=\"https:\/\/ladamajusticia.com\/wp-content\/uploads\/2024\/03\/lady-justice-talar-derohannessian-796x1098.jpg 796w, https:\/\/ladamajusticia.com\/wp-content\/uploads\/2024\/03\/lady-justice-talar-derohannessian-750x1034.jpg 750w, https:\/\/ladamajusticia.com\/wp-content\/uploads\/2024\/03\/lady-justice-talar-derohannessian-1090x1503.jpg 1090w, https:\/\/ladamajusticia.com\/wp-content\/uploads\/2024\/03\/lady-justice-talar-derohannessian-398x549.jpg 398w, https:\/\/ladamajusticia.com\/wp-content\/uploads\/2024\/03\/lady-justice-talar-derohannessian.jpg 1636w\" sizes=\"auto, (max-width: 796px) 100vw, 796px\" \/>              <\/div>\n                            <div class=\"swiper-slide\">\n                <img loading=\"lazy\" decoding=\"async\" width=\"796\" height=\"1098\" src=\"https:\/\/ladamajusticia.com\/wp-content\/uploads\/2024\/03\/lady-justice-brittany-shaw-796x1098.jpg\" class=\"attachment-headshot-lg size-headshot-lg\" alt=\"Brittany Shaw abogada con americana gris, camisa azul y pelo largo sobre fondo lavanda\" srcset=\"https:\/\/ladamajusticia.com\/wp-content\/uploads\/2024\/03\/lady-justice-brittany-shaw-796x1098.jpg 796w, https:\/\/ladamajusticia.com\/wp-content\/uploads\/2024\/03\/lady-justice-brittany-shaw-750x1034.jpg 750w, https:\/\/ladamajusticia.com\/wp-content\/uploads\/2024\/03\/lady-justice-brittany-shaw-1090x1503.jpg 1090w, https:\/\/ladamajusticia.com\/wp-content\/uploads\/2024\/03\/lady-justice-brittany-shaw-398x549.jpg 398w, https:\/\/ladamajusticia.com\/wp-content\/uploads\/2024\/03\/lady-justice-brittany-shaw.jpg 1636w\" sizes=\"auto, (max-width: 796px) 100vw, 796px\" \/>              <\/div>\n                            <div class=\"swiper-slide\">\n                <img loading=\"lazy\" decoding=\"async\" width=\"796\" height=\"1098\" src=\"https:\/\/ladamajusticia.com\/wp-content\/uploads\/2024\/03\/lady-justice-hagit-goltzer-796x1098.jpg\" class=\"attachment-headshot-lg size-headshot-lg\" alt=\"Hagit Goltzer abogado de la se\u00f1ora justicia retrato de pecho con americana gris, mirando a la c\u00e1mara, sobre fondo rosa, pelo largo ondulado moreno\" srcset=\"https:\/\/ladamajusticia.com\/wp-content\/uploads\/2024\/03\/lady-justice-hagit-goltzer-796x1098.jpg 796w, https:\/\/ladamajusticia.com\/wp-content\/uploads\/2024\/03\/lady-justice-hagit-goltzer-750x1034.jpg 750w, https:\/\/ladamajusticia.com\/wp-content\/uploads\/2024\/03\/lady-justice-hagit-goltzer-1090x1503.jpg 1090w, https:\/\/ladamajusticia.com\/wp-content\/uploads\/2024\/03\/lady-justice-hagit-goltzer-398x549.jpg 398w, https:\/\/ladamajusticia.com\/wp-content\/uploads\/2024\/03\/lady-justice-hagit-goltzer.jpg 1636w\" sizes=\"auto, (max-width: 796px) 100vw, 796px\" \/>              <\/div>\n                            <div class=\"swiper-slide\">\n                <img loading=\"lazy\" decoding=\"async\" width=\"796\" height=\"1098\" src=\"https:\/\/ladamajusticia.com\/wp-content\/uploads\/2024\/03\/lady-justice-selena-matavosian-796x1098.jpg\" class=\"attachment-headshot-lg size-headshot-lg\" alt=\"Selena Matavosian abogada blazer negro blusa gris pelo rubio\" srcset=\"https:\/\/ladamajusticia.com\/wp-content\/uploads\/2024\/03\/lady-justice-selena-matavosian-796x1098.jpg 796w, https:\/\/ladamajusticia.com\/wp-content\/uploads\/2024\/03\/lady-justice-selena-matavosian-750x1034.jpg 750w, https:\/\/ladamajusticia.com\/wp-content\/uploads\/2024\/03\/lady-justice-selena-matavosian-1090x1503.jpg 1090w, https:\/\/ladamajusticia.com\/wp-content\/uploads\/2024\/03\/lady-justice-selena-matavosian-398x549.jpg 398w, https:\/\/ladamajusticia.com\/wp-content\/uploads\/2024\/03\/lady-justice-selena-matavosian.jpg 1636w\" sizes=\"auto, (max-width: 796px) 100vw, 796px\" \/>              <\/div>\n                            <div class=\"swiper-slide\">\n                <img loading=\"lazy\" decoding=\"async\" width=\"796\" height=\"1098\" src=\"https:\/\/ladamajusticia.com\/wp-content\/uploads\/2024\/03\/lady-justice-alicia-brush-796x1098.jpg\" class=\"attachment-headshot-lg size-headshot-lg\" alt=\"Alicia Brush abogada con americana negra y camiseta gris con pelo largo sobre fondo rosa\" srcset=\"https:\/\/ladamajusticia.com\/wp-content\/uploads\/2024\/03\/lady-justice-alicia-brush-796x1098.jpg 796w, https:\/\/ladamajusticia.com\/wp-content\/uploads\/2024\/03\/lady-justice-alicia-brush-750x1034.jpg 750w, https:\/\/ladamajusticia.com\/wp-content\/uploads\/2024\/03\/lady-justice-alicia-brush-1090x1503.jpg 1090w, https:\/\/ladamajusticia.com\/wp-content\/uploads\/2024\/03\/lady-justice-alicia-brush-398x549.jpg 398w, https:\/\/ladamajusticia.com\/wp-content\/uploads\/2024\/03\/lady-justice-alicia-brush.jpg 1636w\" sizes=\"auto, (max-width: 796px) 100vw, 796px\" \/>              <\/div>\n                            <div class=\"swiper-slide\">\n                <img loading=\"lazy\" decoding=\"async\" width=\"796\" height=\"1098\" src=\"https:\/\/ladamajusticia.com\/wp-content\/uploads\/2024\/03\/lady-justice-aliza-grossman-796x1098.jpg\" class=\"attachment-headshot-lg size-headshot-lg\" alt=\"Aliza Grossman abogada con americana negra y top blanco con flores negras sobre fondo melocot\u00f3n\" srcset=\"https:\/\/ladamajusticia.com\/wp-content\/uploads\/2024\/03\/lady-justice-aliza-grossman-796x1098.jpg 796w, https:\/\/ladamajusticia.com\/wp-content\/uploads\/2024\/03\/lady-justice-aliza-grossman-750x1034.jpg 750w, https:\/\/ladamajusticia.com\/wp-content\/uploads\/2024\/03\/lady-justice-aliza-grossman-1090x1503.jpg 1090w, https:\/\/ladamajusticia.com\/wp-content\/uploads\/2024\/03\/lady-justice-aliza-grossman-398x549.jpg 398w, https:\/\/ladamajusticia.com\/wp-content\/uploads\/2024\/03\/lady-justice-aliza-grossman.jpg 1636w\" sizes=\"auto, (max-width: 796px) 100vw, 796px\" \/>              <\/div>\n                            <div class=\"swiper-slide\">\n                <img loading=\"lazy\" decoding=\"async\" width=\"796\" height=\"1098\" src=\"https:\/\/ladamajusticia.com\/wp-content\/uploads\/2024\/03\/Lady-Justice-Meg-Razi-796x1098.jpg\" class=\"attachment-headshot-lg size-headshot-lg\" alt=\"Meg Razi abogada morena con americana negra\" srcset=\"https:\/\/ladamajusticia.com\/wp-content\/uploads\/2024\/03\/Lady-Justice-Meg-Razi-796x1098.jpg 796w, https:\/\/ladamajusticia.com\/wp-content\/uploads\/2024\/03\/Lady-Justice-Meg-Razi-750x1034.jpg 750w, https:\/\/ladamajusticia.com\/wp-content\/uploads\/2024\/03\/Lady-Justice-Meg-Razi-1090x1503.jpg 1090w, https:\/\/ladamajusticia.com\/wp-content\/uploads\/2024\/03\/Lady-Justice-Meg-Razi-398x549.jpg 398w, https:\/\/ladamajusticia.com\/wp-content\/uploads\/2024\/03\/Lady-Justice-Meg-Razi.jpg 1636w\" sizes=\"auto, (max-width: 796px) 100vw, 796px\" \/>              <\/div>\n                            <div class=\"swiper-slide\">\n                <img loading=\"lazy\" decoding=\"async\" width=\"796\" height=\"1098\" src=\"https:\/\/ladamajusticia.com\/wp-content\/uploads\/2024\/03\/lady-justice-samantha-costa-796x1098.jpg\" class=\"attachment-headshot-lg size-headshot-lg\" alt=\"Samantha Costa pecho retrato pelo largo blazer gris camiseta blanca\" srcset=\"https:\/\/ladamajusticia.com\/wp-content\/uploads\/2024\/03\/lady-justice-samantha-costa-796x1098.jpg 796w, https:\/\/ladamajusticia.com\/wp-content\/uploads\/2024\/03\/lady-justice-samantha-costa-750x1034.jpg 750w, https:\/\/ladamajusticia.com\/wp-content\/uploads\/2024\/03\/lady-justice-samantha-costa-1090x1503.jpg 1090w, https:\/\/ladamajusticia.com\/wp-content\/uploads\/2024\/03\/lady-justice-samantha-costa-398x549.jpg 398w, https:\/\/ladamajusticia.com\/wp-content\/uploads\/2024\/03\/lady-justice-samantha-costa.jpg 1636w\" sizes=\"auto, (max-width: 796px) 100vw, 796px\" \/>              <\/div>\n              \n            <\/div>\n\n          <\/div>\n\n        <\/div>\n\n        <div class=\"headshot-carousel__text\">\n\n          <div class=\"headshot-carousel__text-intro\" data-aos=\"fade\">\n\n            <h2 class=\"h1\">Poderosa.\nFuerte.\nExcelente.  <\/h2>\n\n            <p>La Dama Justicia es un potente equipo de abogadas laboralistas de Lawyers for Justice, PC que entienden las injusticias en el lugar de trabajo y c\u00f3mo ayudar.<\/p>\n\n          <\/div>\n\n          <div class=\"headshot-carousel__text-body\">\n\n            <p>La Dama Justicia adopta un enfoque creativo y apasionado a la hora de luchar contra los casos laborales m\u00e1s dif\u00edciles para las mujeres. El equipo entiende los matices de la ley y ha ganado innumerables casos en los \u00faltimos 15 a\u00f1os. La Dama Justicia ofrece una consulta gratuita para empezar y s\u00f3lo cobra honorarios si hay un acuerdo o sentencia a tu favor. Llama ahora al (818) JUSTICIA para una consulta gratuita.   <\/p>\n\n            <div class=\"headshot-carousel__text-button\">\n                              <a class=\"btn btn--arrow btn--outline\" href=\"\/es\/about\/#team\"><span>Conoce al Equipo<\/span><\/a>\n                          <\/div>\n\n          <\/div>\n\n        <\/div>\n\n      <\/div>\n\n    <\/div>\n\n  <\/div>\n\n  \n<\/section>","protected":false},"featured_media":889,"template":"","class_list":["post-937","practice-areas","type-practice-areas","status-publish","has-post-thumbnail","hentry"],"acf":[],"_links":{"self":[{"href":"https:\/\/ladamajusticia.com\/es\/wp-json\/wp\/v2\/practice-areas\/937","targetHints":{"allow":["GET"]}}],"collection":[{"href":"https:\/\/ladamajusticia.com\/es\/wp-json\/wp\/v2\/practice-areas"}],"about":[{"href":"https:\/\/ladamajusticia.com\/es\/wp-json\/wp\/v2\/types\/practice-areas"}],"wp:featuredmedia":[{"embeddable":true,"href":"https:\/\/ladamajusticia.com\/es\/wp-json\/wp\/v2\/media\/889"}],"wp:attachment":[{"href":"https:\/\/ladamajusticia.com\/es\/wp-json\/wp\/v2\/media?parent=937"}],"curies":[{"name":"wp","href":"https:\/\/api.w.org\/{rel}","templated":true}]}}